{"id":25,"date":"2012-10-31T11:25:09","date_gmt":"2012-10-31T10:25:09","guid":{"rendered":"http:\/\/www.wachenheim-beratung.de\/wordpress\/?page_id=25"},"modified":"2020-07-22T22:09:02","modified_gmt":"2020-07-22T20:09:02","slug":"impressum","status":"publish","type":"page","link":"http:\/\/www.wachenheim-beratung.de\/wordpress\/impressum\/","title":{"rendered":"Impressum"},"content":{"rendered":"<h1>Impressum<\/h1>\n<h2>Inhaber der Webseite<\/h2>\n<p>F\u00fcr den Inhalt dieser Website verantwortlich im Sinne des \u00a7 6 MDStV:<\/p>\n<p>Wachenheim Unternehmens- u. Personalberatung GmbH<br \/>\nRinkenburgerstra\u00dfe 42<br \/>\n79822 Titisee-Neustadt<\/p>\n<p>Tel:\u00a0 +49 (0) 76 51 \/ 93 30 13<br \/>\nFax: +49 (0) 76 51 \/ 93 30 14<br \/>\nE-Mail: <a href=\"mailto:kontakt@wachenheim-beratung.de\">kontakt@wachenheim-beratung.de<\/a><\/p>\n<p>Handelsregister: Amtsgericht Freiburg<br \/>\nRegisternummer: HRB 711029<br \/>\nUmsatzsteuer-IdNr.: DE293127660<\/p>\n<p>Gesch\u00e4ftsf\u00fchrer: Harry Wachenheim<\/p>\n<h2>Haftungshinweis<\/h2>\n<p>Trotz sorgf\u00e4ltiger inhaltlicher Kontrolle \u00fcbernehmen wir keine Haftung f\u00fcr die Inhalte externer Links. F\u00fcr den Inhalt der verlinkten Seiten sind ausschlie\u00dflich deren Betreiber verantwortlich.<\/p>\n<h2>Rechte und Copyrights<\/h2>\n<p>Alle Rechte vorbehalten. Wenn nicht anders vermerkt liegen die Rechte aller Inhalte von\u00a0<a href=\"http:\/\/wachenheim-beratung.de\/\" target=\"_blank\" rel=\"noopener noreferrer\">wachenheim-beratung.de<\/a>\u00a0(Bilder, Texte) bei Frank Hirtler. Bitte beachten Sie die Creative Commons. Sollten wir in irgendeiner Form die Rechte anderer verletzen, m\u00f6ge man sich bitte mit uns in Verbindung setzen.<\/p>\n<h2>Datenschutzerkl\u00e4rung<\/h2>\n<p class=\"x_MsoNormal\">Personenbezogene Daten (nachfolgend zumeist nur \u201eDaten\u201c genannt) werden von uns nur im Rahmen der Erforderlichkeit sowie zum Zwecke der Bereitstellung eines funktionsf\u00e4higen und nutzerfreundlichen Internetauftritts, inklusive seiner Inhalte und der dort angebotenen Leistungen, verarbeitet.<\/p>\n<p>Gem\u00e4\u00df Art. 4 Ziffer 1. der Verordnung (EU) 2016\/679, also der Datenschutz-Grundverordnung (nachfolgend nur \u201eDSGVO\u201c genannt), gilt als \u201eVerarbeitung\u201c jeder mit oder ohne Hilfe automatisierter Verfahren ausgef\u00fchrter Vorgang oder jede solche Vorgangsreihe im Zusammenhang mit personenbezogenen Daten, wie das Erheben, das Erfassen, die Organisation, das Ordnen, die Speicherung, die Anpassung oder Ver\u00e4nderung, das Auslesen, das Abfragen, die Verwendung, die Offenlegung durch \u00dcbermittlung, Verbreitung oder eine andere Form der Bereitstellung, den Abgleich oder die Verkn\u00fcpfung, die Einschr\u00e4nkung, das L\u00f6schen oder die Vernichtung.<\/p>\n<p>Mit der nachfolgenden Datenschutzerkl\u00e4rung informieren wir Sie insbesondere \u00fcber Art, Umfang, Zweck, Dauer und Rechtsgrundlage der Verarbeitung personenbezogener Daten, soweit wir entweder allein oder gemeinsam mit anderen \u00fcber die Zwecke und Mittel der Verarbeitung entscheiden. Zudem informieren wir Sie nachfolgend \u00fcber die von uns zu Optimierungszwecken sowie zur Steigerung der Nutzungsqualit\u00e4t eingesetzten Fremdkomponenten, soweit hierdurch Dritte Daten in wiederum eigener Verantwortung verarbeiten.<\/p>\n<p>Unsere Datenschutzerkl\u00e4rung ist wie folgt gegliedert:<\/p>\n<p>I. Informationen \u00fcber uns als Verantwortliche<br \/>\nII. Rechte der Nutzer und Betroffenen<br \/>\nIII. Informationen zur Datenverarbeitung<\/p>\n<p class=\"x_MsoNormal\"><strong>I. Informationen \u00fcber uns als Verantwortliche<\/strong><\/p>\n<p><b>Verantwortlicher Anbieter dieses Internetauftritts im datenschutzrechtlichen Sinne ist:<\/b><\/p>\n<p>Wachenheim<br \/>\nUnternehmens- u. Personalberatung<br \/>\nRinkenburgerstrasse 42<br \/>\n79822<br \/>\nDeutschland<\/p>\n<p>Tel:\u00a0 +49 (0) 76 51 \/ 93 30 13<br \/>\nFax: +49 (0) 76 51 \/ 93 30 14<br \/>\nE-Mail: hw@wachenheim-beratung.de<br \/>\nAnsprechpartner: Harry Wachenheim<\/p>\n<p class=\"x_MsoNormal\"><b>II. Rechte der Nutzer und Betroffenen<\/b><\/p>\n<p>Mit Blick auf die nachfolgend noch n\u00e4her beschriebene Datenverarbeitung haben die Nutzer und Betroffenen das Recht\u00a0auf Best\u00e4tigung, ob sie betreffende Daten verarbeitet werden, auf Auskunft \u00fcber die verarbeiteten Daten, auf weitere Informationen \u00fcber die Datenverarbeitung sowie auf Kopien der Daten (vgl. auch Art. 15 DSGVO);\u00a0auf Berichtigung oder Vervollst\u00e4ndigung unrichtiger bzw. unvollst\u00e4ndiger Daten (vgl. auch Art. 16 DSGVO);\u00a0auf unverz\u00fcgliche L\u00f6schung der sie betreffenden Daten (vgl. auch Art. 17 DSGVO), oder, alternativ, soweit eine weitere Verarbeitung gem\u00e4\u00df Art. 17 Abs. 3 DSGVO erforderlich ist, auf Einschr\u00e4nkung der Verarbeitung nach Ma\u00dfgabe von Art. 18 DSGVO;\u00a0auf Erhalt der sie betreffenden und von ihnen bereitgestellten Daten und auf \u00dcbermittlung dieser Daten an andere Anbieter\/Verantwortliche (vgl. auch Art. 20 DSGVO);\u00a0auf Beschwerde gegen\u00fcber der Aufsichtsbeh\u00f6rde, sofern sie der Ansicht sind, dass die sie betreffenden Daten durch den Anbieter unter Versto\u00df gegen datenschutzrechtliche Bestimmungen verarbeitet werden (vgl. auch Art. 77 DSGVO).<\/p>\n<p>Dar\u00fcber hinaus ist der Anbieter dazu verpflichtet, alle Empf\u00e4nger, denen gegen\u00fcber Daten durch den Anbieter offengelegt worden sind, \u00fcber jedwede Berichtigung oder L\u00f6schung von Daten oder die Einschr\u00e4nkung der Verarbeitung, die aufgrund der Artikel 16, 17 Abs. 1, 18 DSGVO erfolgt, zu unterrichten. Diese Verpflichtung besteht jedoch nicht, soweit diese Mitteilung unm\u00f6glich oder mit einem unverh\u00e4ltnism\u00e4\u00dfigen Aufwand verbunden ist. Unbeschadet dessen hat der Nutzer ein Recht auf Auskunft \u00fcber diese Empf\u00e4nger.<\/p>\n<p>Ebenfalls haben die Nutzer und Betroffenen nach Art. 21 DSGVO das Recht auf Widerspruch gegen die k\u00fcnftige Verarbeitung der sie betreffenden Daten, sofern die Daten durch den Anbieter nach Ma\u00dfgabe von Art. 6 Abs. 1 lit. f) DSGVO verarbeitet werden. Insbesondere ist ein Widerspruch gegen die Datenverarbeitung zum Zwecke der Direktwerbung statthaft.<br \/>\nIII. Informationen zur Datenverarbeitung<\/p>\n<p>Ihre bei Nutzung unseres Internetauftritts verarbeiteten Daten werden gel\u00f6scht oder gesperrt, sobald der Zweck der Speicherung entf\u00e4llt, der L\u00f6schung der Daten keine gesetzlichen Aufbewahrungspflichten entgegenstehen und nachfolgend keine anderslautenden Angaben zu einzelnen Verarbeitungsverfahren gemacht werden.<br \/>\nServerdaten<\/p>\n<p>Aus technischen Gr\u00fcnden, insbesondere zur Gew\u00e4hrleistung eines sicheren und stabilen Internetauftritts, werden Daten durch Ihren Internet-Browser an uns bzw. an unseren Webspace-Provider \u00fcbermittelt. Mit diesen sog. Server-Logfiles werden u.a. Typ und Version Ihres Internetbrowsers, das Betriebssystem, die Website, von der aus Sie auf unseren Internetauftritt gewechselt haben (Referrer URL), die Website(s) unseres Internetauftritts, die Sie besuchen, Datum und Uhrzeit des jeweiligen Zugriffs sowie die IP-Adresse des Internetanschlusses, von dem aus die Nutzung unseres Internetauftritts erfolgt, erhoben.<\/p>\n<p>Diese so erhobenen Daten werden vorr\u00fcbergehend gespeichert, dies jedoch nicht gemeinsam mit anderen Daten von Ihnen.<\/p>\n<p>Diese Speicherung erfolgt auf der Rechtsgrundlage von Art. 6 Abs. 1 lit. f) DSGVO. Unser berechtigtes Interesse liegt in der Verbesserung, Stabilit\u00e4t, Funktionalit\u00e4t und Sicherheit unseres Internetauftritts.<\/p>\n<p>Die Daten werden sp\u00e4testens nach sieben Tage wieder gel\u00f6scht, soweit keine weitere Aufbewahrung zu Beweiszwecken erforderlich ist. Andernfalls sind die Daten bis zur endg\u00fcltigen Kl\u00e4rung eines Vorfalls ganz oder teilweise von der L\u00f6schung ausgenommen.<br \/>\nCookies<br \/>\na) Sitzungs-Cookies\/Session-Cookies<\/p>\n<p>Wir verwenden mit unserem Internetauftritt sog. Cookies. Cookies sind kleine Textdateien oder andere Speichertechnologien, die durch den von Ihnen eingesetzten Internet-Browser auf Ihrem Endger\u00e4t ablegt und gespeichert werden. Durch diese Cookies werden im individuellen Umfang bestimmte Informationen von Ihnen, wie beispielsweise Ihre Browser- oder Standortdaten oder Ihre IP-Adresse, verarbeitet.<\/p>\n<p>Durch diese Verarbeitung wird unser Internetauftritt benutzerfreundlicher, effektiver und sicherer, da die Verarbeitung bspw. die Wiedergabe unseres Internetauftritts in unterschiedlichen Sprachen oder das Angebot einer Warenkorbfunktion erm\u00f6glicht.<\/p>\n<p>Rechtsgrundlage dieser Verarbeitung ist Art. 6 Abs. 1 lit b.) DSGVO, sofern diese Cookies Daten zur Vertragsanbahnung oder Vertragsabwicklung verarbeitet werden.<\/p>\n<p>Falls die Verarbeitung nicht der Vertragsanbahnung oder Vertragsabwicklung dient, liegt unser berechtigtes Interesse in der Verbesserung der Funktionalit\u00e4t unseres Internetauftritts. Rechtsgrundlage ist in dann Art. 6 Abs. 1 lit. f) DSGVO.<\/p>\n<p>Mit Schlie\u00dfen Ihres Internet-Browsers werden diese Session-Cookies gel\u00f6scht.<br \/>\nb) Drittanbieter-Cookies<\/p>\n<p>Gegebenenfalls werden mit unserem Internetauftritt auch Cookies von Partnerunternehmen, mit denen wir zum Zwecke der Werbung, der Analyse oder der Funktionalit\u00e4ten unseres Internetauftritts zusammenarbeiten, verwendet.<\/p>\n<p>Die Einzelheiten hierzu, insbesondere zu den Zwecken und den Rechtsgrundlagen der Verarbeitung solcher Drittanbieter-Cookies, entnehmen Sie bitte den nachfolgenden Informationen.<br \/>\nc) Beseitigungsm\u00f6glichkeit<\/p>\n<p>Sie k\u00f6nnen die Installation der Cookies durch eine Einstellung Ihres Internet-Browsers verhindern oder einschr\u00e4nken. Ebenfalls k\u00f6nnen Sie bereits gespeicherte Cookies jederzeit l\u00f6schen. Die hierf\u00fcr erforderlichen Schritte und Ma\u00dfnahmen h\u00e4ngen jedoch von Ihrem konkret genutzten Internet-Browser ab. Bei Fragen benutzen Sie daher bitte die Hilfefunktion oder Dokumentation Ihres Internet-Browsers oder wenden sich an dessen Hersteller bzw. Support. Bei sog. Flash-Cookies kann die Verarbeitung allerdings nicht \u00fcber die Einstellungen des Browsers unterbunden werden. Stattdessen m\u00fcssen Sie insoweit die Einstellung Ihres Flash-Players \u00e4ndern. Auch die hierf\u00fcr erforderlichen Schritte und Ma\u00dfnahmen h\u00e4ngen von Ihrem konkret genutzten Flash-Player ab. Bei Fragen benutzen Sie daher bitte ebenso die Hilfefunktion oder Dokumentation Ihres Flash-Players oder wenden sich an den Hersteller bzw. Benutzer-Support.<\/p>\n<p>Sollten Sie die Installation der Cookies verhindern oder einschr\u00e4nken, kann dies allerdings dazu f\u00fchren, dass nicht s\u00e4mtliche Funktionen unseres Internetauftritts vollumf\u00e4nglich nutzbar sind.<br \/>\nKontaktanfragen \/ Kontaktm\u00f6glichkeit<\/p>\n<p>Sofern Sie per Kontaktformular oder E-Mail mit uns in Kontakt treten, werden die dabei von Ihnen angegebenen Daten zur Bearbeitung Ihrer Anfrage genutzt. Die Angabe der Daten ist zur Bearbeitung und Beantwortung Ihre Anfrage erforderlich \u2013 ohne deren Bereitstellung k\u00f6nnen wir Ihre Anfrage nicht oder allenfalls eingeschr\u00e4nkt beantworten.<\/p>\n<p>Rechtsgrundlage f\u00fcr diese Verarbeitung ist Art. 6 Abs. 1 lit. b) DSGVO.<\/p>\n<p>Ihre Daten werden gel\u00f6scht, sofern Ihre Anfrage abschlie\u00dfend beantwortet worden ist und der L\u00f6schung keine gesetzlichen Aufbewahrungspflichten entgegenstehen, wie bspw. bei einer sich etwaig anschlie\u00dfenden Vertragsabwicklung.<br \/>\nGoogle Analytics<\/p>\n<p>In unserem Internetauftritt setzen wir Google Analytics ein. Hierbei handelt es sich um einen Webanalysedienst der Google LLC, 1600 Amphitheatre Parkway, Mountain View, CA 94043 USA, nachfolgend nur \u201eGoogle\u201c genannt.<\/p>\n<p>Durch die Zertifizierung nach dem EU-US-Datenschutzschild (\u201eEU-US Privacy Shield\u201c)<\/p>\n<p>https:\/\/www.privacyshield.gov\/participant?id=a2zt000000001L5AAI&#038;status=Active<\/p>\n<p>garantiert Google, dass die Datenschutzvorgaben der EU auch bei der Verarbeitung von Daten in den USA eingehalten werden.<\/p>\n<p>Der Dienst Google Analytics dient zur Analyse des Nutzungsverhaltens unseres Internetauftritts. Rechtsgrundlage ist Art. 6 Abs. 1 lit. f) DSGVO. Unser berechtigtes Interesse liegt in der Analyse, Optimierung und dem wirtschaftlichen Betrieb unseres Internetauftritts.<\/p>\n<p>Nutzungs- und nutzerbezogene Informationen, wie bspw. IP-Adresse, Ort, Zeit oder H\u00e4ufigkeit des Besuchs unseres Internetauftritts, werden dabei an einen Server von Google in den USA \u00fcbertragen und dort gespeichert. Allerdings nutzen wir Google Analytics mit der sog. Anonymisierungsfunktion. Durch diese Funktion k\u00fcrzt Google die IP-Adresse schon innerhalb der EU bzw. des EWR.<\/p>\n<p>Die so erhobenen Daten werden wiederum von Google genutzt, um uns eine Auswertung \u00fcber den Besuch unseres Internetauftritts sowie \u00fcber die dortigen Nutzungsaktivit\u00e4ten zur Verf\u00fcgung zu stellen. Auch k\u00f6nnen diese Daten genutzt werden, um weitere Dienstleistungen zu erbringen, die mit der Nutzung unseres Internetauftritts und der Nutzung des Internets zusammenh\u00e4ngen.<\/p>\n<p>Google gibt an, Ihre IP-Adresse nicht mit anderen Daten zu verbinden. Zudem h\u00e4lt Google unter<\/p>\n<p>https:\/\/www.google.com\/intl\/de\/policies\/privacy\/partners<\/p>\n<p>weitere datenschutzrechtliche Informationen f\u00fcr Sie bereit, so bspw. auch zu den M\u00f6glichkeiten, die Datennutzung zu unterbinden.<\/p>\n<p>Zudem bietet Google unter<\/p>\n<p>https:\/\/tools.google.com\/dlpage\/gaoptout?hl=de<\/p>\n<p>ein sog. Deaktivierungs-Add-on nebst weiteren Informationen hierzu an. Dieses Add-on l\u00e4sst sich mit den g\u00e4ngigen Internet-Browsern installieren und bietet Ihnen weitergehende Kontrollm\u00f6glichkeit \u00fcber die Daten, die Google bei Aufruf unseres Internetauftritts erfasst. Dabei teilt das Add-on dem JavaScript (ga.js) von Google Analytics mit, dass Informationen zum Besuch unseres Internetauftritts nicht an Google Analytics \u00fcbermittelt werden sollen. Dies verhindert aber nicht, dass Informationen an uns oder an andere Webanalysedienste \u00fcbermittelt werden. Ob und welche weiteren Webanalysedienste von uns eingesetzt werden, erfahren Sie nat\u00fcrlich ebenfalls in dieser Datenschutzerkl\u00e4rung.<br \/>\n\u201eGoogle+\u201c-Social-Plug-in<\/p>\n<p>In unserem Internetauftritt setzen wir das Plug-in des Social-Networks Google+ (\u201eGoogle Plus\u201c) ein. Bei Google+ handelt es sich um einen Internetservice der Google LLC., 1600 Amphitheatre Parkway, Mountain View, CA 94043 USA, nachfolgend nur \u201eGoogle\u201c genannt.<\/p>\n<p>Durch die Zertifizierung nach dem EU-US-Datenschutzschild (\u201eEU-US Privacy Shield\u201c)<\/p>\n<p>https:\/\/www.privacyshield.gov\/participant?id=a2zt000000001L5AAI&#038;status=Active<\/p>\n<p>garantiert Google, dass die Datenschutzvorgaben der EU auch bei der Verarbeitung von Daten in den USA eingehalten werden.<\/p>\n<p>Rechtsgrundlage ist Art. 6 Abs. 1 lit. f) DSGVO. Unser berechtigtes Interesse liegt in der Qualit\u00e4tsverbesserung unseres Internetauftritts.<\/p>\n<p>Weitergehende Informationen \u00fcber die m\u00f6glichen Plug-ins sowie \u00fcber deren jeweilige Funktionen h\u00e4lt Google unter<\/p>\n<p>https:\/\/developers.google.com\/+\/web\/<\/p>\n<p>f\u00fcr Sie bereit.<\/p>\n<p>Sofern das Plug-in auf einer der von Ihnen besuchten Seiten unseres Internetauftritts hinterlegt ist, l\u00e4dt Ihr Internet-Browser eine Darstellung des Plug-ins von den Servern von Google in den USA herunter. Aus technischen Gr\u00fcnden ist es dabei notwendig, dass Google Ihre IP-Adresse verarbeitet. Daneben werden aber auch Datum und Uhrzeit des Besuchs unserer Internetseiten erfasst.<\/p>\n<p>Sollten Sie bei Google eingeloggt sein, w\u00e4hrend Sie eine unserer mit dem Plug-in versehenen Internetseite besuchen, werden die durch das Plug-in gesammelten Informationen Ihres konkreten Besuchs von Google erkannt. Die so gesammelten Informationen weist Google wom\u00f6glich Ihrem dortigen pers\u00f6nlichen Nutzerkonto zu. Sofern Sie also bspw. den sog. \u201eTeilen\u201c-Button von Google benutzen, werden diese Informationen in Ihrem Google-Nutzerkonto gespeichert und ggf. \u00fcber die Plattform von Google ver\u00f6ffentlicht. Wenn Sie das verhindern m\u00f6chten, m\u00fcssen Sie sich entweder vor dem Besuch unseres Internetauftritts bei Google ausloggen oder die entsprechenden Einstellungen in Ihrem Google-Benutzerkonto vornehmen.<\/p>\n<p>Weitergehende Informationen \u00fcber die Erhebung und Nutzung von Daten sowie Ihre diesbez\u00fcglichen Rechte und Schutzm\u00f6glichkeiten h\u00e4lt Google in den unter<\/p>\n<p>https:\/\/policies.google.com\/privacy<\/p>\n<p>abrufbaren Datenschutzhinweisen bereit.<br \/>\nGoogle-Maps<\/p>\n<p>In unserem Internetauftritt setzen wir Google Maps zur Darstellung unseres Standorts sowie zur Erstellung einer Anfahrtsbeschreibung ein. Es handelt sich hierbei um einen Dienst der Google LLC, 1600 Amphitheatre Parkway, Mountain View, CA 94043 USA, nachfolgend nur \u201eGoogle\u201c genannt.<\/p>\n<p>Durch die Zertifizierung nach dem EU-US-Datenschutzschild (\u201eEU-US Privacy Shield\u201c)<\/p>\n<p>https:\/\/www.privacyshield.gov\/participant?id=a2zt000000001L5AAI&#038;status=Active<\/p>\n<p>garantiert Google, dass die Datenschutzvorgaben der EU auch bei der Verarbeitung von Daten in den USA eingehalten werden.<\/p>\n<p>Um die Darstellung bestimmter Schriften in unserem Internetauftritt zu erm\u00f6glichen, wird bei Aufruf unseres Internetauftritts eine Verbindung zu dem Google-Server in den USA aufgebaut.<\/p>\n<p>Sofern Sie die in unseren Internetauftritt eingebundene Komponente Google Maps aufrufen, speichert Google \u00fcber Ihren Internet-Browser ein Cookie auf Ihrem Endger\u00e4t. Um unseren Standort anzuzeigen und eine Anfahrtsbeschreibung zu erstellen, werden Ihre Nutzereinstellungen und -daten verarbeitet. Hierbei k\u00f6nnen wir nicht ausschlie\u00dfen, dass Google Server in den USA einsetzt.<\/p>\n<p>Rechtsgrundlage ist Art. 6 Abs. 1 lit. f) DSGVO. Unser berechtigtes Interesse liegt in der Optimierung der Funktionalit\u00e4t unseres Internetauftritts.<\/p>\n<p>Durch die so hergestellte Verbindung zu Google kann Google ermitteln, von welcher Website Ihre Anfrage gesendet worden ist und an welche IP-Adresse die Anfahrtsbeschreibung zu \u00fcbermitteln ist.<\/p>\n<p>Sofern Sie mit dieser Verarbeitung nicht einverstanden sind, haben Sie die M\u00f6glichkeit, die Installation der Cookies durch die entsprechenden Einstellungen in Ihrem Internet-Browser zu verhindern. Einzelheiten hierzu finden Sie vorstehend unter dem Punkt \u201eCookies\u201c.<\/p>\n<p>Zudem erfolgt die Nutzung von Google Maps sowie der \u00fcber Google Maps erlangten Informationen nach den Google-Nutzungsbedingungen https:\/\/policies.google.com\/terms?gl=DE&amp;hl=de und den Gesch\u00e4ftsbedingungen f\u00fcr Google Maps https:\/\/www.google.com\/intl\/de_de\/help\/terms_maps.html.<\/p>\n<p>\u00dcberdies bietet Google unter<\/p>\n<p>https:\/\/adssettings.google.com\/authenticated<\/p>\n<p>https:\/\/policies.google.com\/privacy<\/p>\n<p>weitergehende Informationen an.<br \/>\nGoogle reCAPTCHA<\/p>\n<p>In unserem Internetauftritt setzen wir Google reCAPTCHA zur \u00dcberpr\u00fcfung und Vermeidung von Interaktionen auf unserer Internetseite durch automatisierte Zugriffe, bspw. durch sog. Bots, ein. Es handelt sich hierbei um einen Dienst der Google LLC, 1600 Amphitheatre Parkway, Mountain View, CA 94043 USA, nachfolgend nur \u201eGoogle\u201c genannt.<\/p>\n<p>Durch die Zertifizierung nach dem EU-US-Datenschutzschild (\u201eEU-US Privacy Shield\u201c)<\/p>\n<p>https:\/\/www.privacyshield.gov\/participant?id=a2zt000000001L5AAI&#038;status=Active<\/p>\n<p>garantiert Google, dass die Datenschutzvorgaben der EU auch bei der Verarbeitung von Daten in den USA eingehalten werden.<\/p>\n<p>Durch diesen Dienst kann Google ermitteln, von welcher Webseite eine Anfrage gesendet wird sowie von welcher IP-Adresse aus Sie die sog. reCAPTCHA-Eingabebox verwenden. Neben Ihrer IP-Adresse werden wom\u00f6glich noch weitere Informationen durch Google erfasst, die f\u00fcr das Angebot und die Gew\u00e4hrleistung dieses Dienstes notwendig sind.<\/p>\n<p>Rechtsgrundlage ist Art. 6 Abs. 1 lit. f) DSGVO. Unser berechtigtes Interesse liegt in der Sicherheit unseres Internetauftritts sowie in der Abwehr unerw\u00fcnschter, automatisierter Zugriffe in Form von Spam o.\u00e4..<\/p>\n<p>Google bietet unter<\/p>\n<p>https:\/\/policies.google.com\/privacy<\/p>\n<p>weitergehende Informationen zu dem allgemeinen Umgang mit Ihren Nutzerdaten an.<br \/>\n\u201eFacebook\u201c-Social-Plug-in<\/p>\n<p>In unserem Internetauftritt setzen wir das Plug-in des Social-Networks Facebook ein. Bei Facebook handelt es sich um einen Internetservice der facebook Inc., 1601 S. California Ave, Palo Alto, CA 94304, USA. In der EU wird dieser Service wiederum von der Facebook Ireland Limited, 4 Grand Canal Square, Dublin 2, Irland, betrieben, nachfolgend beide nur \u201eFacebook\u201c genannt.<\/p>\n<p>Durch die Zertifizierung nach dem EU-US-Datenschutzschild (\u201eEU-US Privacy Shield\u201c)<\/p>\n<p>https:\/\/www.privacyshield.gov\/participant?id=a2zt0000000GnywAAC&#038;status=Active<\/p>\n<p>garantiert Facebook, dass die Datenschutzvorgaben der EU auch bei der Verarbeitung von Daten in den USA eingehalten werden.<\/p>\n<p>Rechtsgrundlage ist Art. 6 Abs. 1 lit. f) DSGVO. Unser berechtigtes Interesse liegt in der Qualit\u00e4tsverbesserung unseres Internetauftritts.<\/p>\n<p>Weitergehende Informationen \u00fcber die m\u00f6glichen Plug-ins sowie \u00fcber deren jeweilige Funktionen h\u00e4lt Facebook unter<\/p>\n<p>https:\/\/developers.facebook.com\/docs\/plugins\/<\/p>\n<p>f\u00fcr Sie bereit.<\/p>\n<p>Sofern das Plug-in auf einer der von Ihnen besuchten Seiten unseres Internetauftritts hinterlegt ist, l\u00e4dt Ihr Internet-Browser eine Darstellung des Plug-ins von den Servern von Facebook in den USA herunter. Aus technischen Gr\u00fcnden ist es dabei notwendig, dass Facebook Ihre IP-Adresse verarbeitet. Daneben werden aber auch Datum und Uhrzeit des Besuchs unserer Internetseiten erfasst.<\/p>\n<p>Sollten Sie bei Facebook eingeloggt sein, w\u00e4hrend Sie eine unserer mit dem Plug-in versehenen Internetseite besuchen, werden die durch das Plug-in gesammelten Informationen Ihres konkreten Besuchs von Facebook erkannt. Die so gesammelten Informationen weist Facebook wom\u00f6glich Ihrem dortigen pers\u00f6nlichen Nutzerkonto zu. Sofern Sie also bspw. den sog. \u201eGef\u00e4llt mir\u201c-Button von Facebook benutzen, werden diese Informationen in Ihrem Facebook-Nutzerkonto gespeichert und ggf. \u00fcber die Plattform von Facebook ver\u00f6ffentlicht. Wenn Sie das verhindern m\u00f6chten, m\u00fcssen Sie sich entweder vor dem Besuch unseres Internetauftritts bei Facebook ausloggen oder durch den Einsatz eines Add-ons f\u00fcr Ihren Internetbrowser verhindern, dass das Laden des Facebook-Plug-in blockiert wird.<\/p>\n<p>Weitergehende Informationen \u00fcber die Erhebung und Nutzung von Daten sowie Ihre diesbez\u00fcglichen Rechte und Schutzm\u00f6glichkeiten h\u00e4lt Facebook in den unter<\/p>\n<p>https:\/\/www.facebook.com\/policy.php<\/p>\n<p>abrufbaren Datenschutzhinweisen bereit.<br \/>\n\u201eTwitter\u201c-Social-Plug-in<\/p>\n<p>In unserem Internetauftritt setzen wir das Plug-in des Social-Networks Twitter ein. Bei Twitter handelt es sich um einen Internetservice der Twitter Inc., 795 Folsom St., Suite 600, San Francisco, CA 94107, USA, nachfolgend nur \u201eTwitter\u201c genannt.<\/p>\n<p>Durch die Zertifizierung nach dem EU-US-Datenschutzschild (\u201eEU-US Privacy Shield\u201c)<\/p>\n<p>https:\/\/www.privacyshield.gov\/participant?id=a2zt0000000TORzAAO&#038;status=Active<\/p>\n<p>garantiert Twitter, dass die Datenschutzvorgaben der EU auch bei der Verarbeitung von Daten in den USA eingehalten werden.<\/p>\n<p>Rechtsgrundlage ist Art. 6 Abs. 1 lit. f) DSGVO. Unser berechtigtes Interesse liegt in der Qualit\u00e4tsverbesserung unseres Internetauftritts.<\/p>\n<p>Sofern das Plug-in auf einer der von Ihnen besuchten Seiten unseres Internetauftritts hinterlegt ist, l\u00e4dt Ihr Internet-Browser eine Darstellung des Plug-ins von den Servern von Twitter in den USA herunter. Aus technischen Gr\u00fcnden ist es dabei notwendig, dass Twitter Ihre IP-Adresse verarbeitet. Daneben werden aber auch Datum und Uhrzeit des Besuchs unserer Internetseiten erfasst.<\/p>\n<p>Sollten Sie bei Twitter eingeloggt sein, w\u00e4hrend Sie eine unserer mit dem Plug-in versehenen Internetseite besuchen, werden die durch das Plug-in gesammelten Informationen Ihres konkreten Besuchs von Twitter erkannt. Die so gesammelten Informationen weist Twitter wom\u00f6glich Ihrem dortigen pers\u00f6nlichen Nutzerkonto zu. Sofern Sie also bspw. den sog. \u201eTeilen\u201c-Button von Twitter benutzen, werden diese Informationen in Ihrem Twitter-Nutzerkonto gespeichert und ggf. \u00fcber die Plattform von Twitter ver\u00f6ffentlicht. Wenn Sie das verhindern m\u00f6chten, m\u00fcssen Sie sich entweder vor dem Besuch unseres Internetauftritts bei Twitter ausloggen oder die entsprechenden Einstellungen in Ihrem Twitter-Benutzerkonto vornehmen.<\/p>\n<p>Weitergehende Informationen \u00fcber die Erhebung und Nutzung von Daten sowie Ihre diesbez\u00fcglichen Rechte und Schutzm\u00f6glichkeiten h\u00e4lt Twitter in den unter<\/p>\n<p>https:\/\/twitter.com\/privacy<\/p>\n<p>abrufbaren Datenschutzhinweisen bereit.<br \/>\nYouTube<\/p>\n<p>In unserem Internetauftritt setzen wir YouTube ein. Hierbei handelt es sich um ein Videoportal der YouTube LLC., 901 Cherry Ave., 94066 San Bruno, CA, USA, nachfolgend nur \u201eYouTube\u201c genannt.<\/p>\n<p>YouTube ist ein Tochterunternehmen der Google LLC., 1600 Amphitheatre Parkway, Mountain View, CA 94043 USA, nachfolgend nur \u201eGoogle\u201c genannt.<\/p>\n<p>Durch die Zertifizierung nach dem EU-US-Datenschutzschild (\u201eEU-US Privacy Shield\u201c)<\/p>\n<p>https:\/\/www.privacyshield.gov\/participant?id=a2zt000000001L5AAI&#038;status=Active<\/p>\n<p>garantiert Google und damit auch das Tochterunternehmen YouTube, dass die Datenschutzvorgaben der EU auch bei der Verarbeitung von Daten in den USA eingehalten werden.<\/p>\n<p>Wir nutzen YouTube im Zusammenhang mit der Funktion \u201eErweiterter Datenschutzmodus\u201c, um Ihnen Videos anzeigen zu k\u00f6nnen. Rechtsgrundlage ist Art. 6 Abs. 1 lit. f) DSGVO. Unser berechtigtes Interesse liegt in der Qualit\u00e4tsverbesserung unseres Internetauftritts. Die Funktion \u201eErweiterter Datenschutzmodus\u201c bewirkt laut Angaben von YouTube, dass die nachfolgend noch n\u00e4her bezeichneten Daten nur dann an den Server von YouTube \u00fcbermittelt werden, wenn Sie ein Video auch tats\u00e4chlich starten.<\/p>\n<p>Ohne diesen \u201eErweiterten Datenschutz\u201c wird eine Verbindung zum Server von YouTube in den USA hergestellt, sobald Sie eine unserer Internetseiten, auf der ein YouTube-Video eingebettet ist, aufrufen.<\/p>\n<p>Diese Verbindung ist erforderlich, um das jeweilige Video auf unserer Internetseite \u00fcber Ihren Internet-Browser darstellen zu k\u00f6nnen. Im Zuge dessen wird YouTube zumindest Ihre IP-Adresse, das Datum nebst Uhrzeit sowie die von Ihnen besuchte Internetseite erfassen und verarbeiten. Zudem wird eine Verbindung zu dem Werbenetzwerk \u201eDoubleClick\u201c von Google hergestellt.<\/p>\n<p>Sollten Sie gleichzeitig bei YouTube eingeloggt sein, weist YouTube die Verbindungsinformationen Ihrem YouTube-Konto zu. Wenn Sie das verhindern m\u00f6chten, m\u00fcssen Sie sich entweder vor dem Besuch unseres Internetauftritts bei YouTube ausloggen oder die entsprechenden Einstellungen in Ihrem YouTube-Benutzerkonto vornehmen.<\/p>\n<p>Zum Zwecke der Funktionalit\u00e4t sowie zur Analyse des Nutzungsverhaltens speichert YouTube dauerhaft Cookies \u00fcber Ihren Internet-Browser auf Ihrem Endger\u00e4t. Falls Sie mit dieser Verarbeitung nicht einverstanden sind, haben Sie die M\u00f6glichkeit, die Speicherung der Cookies durch eine Einstellung in Ihrem Internet-Browsers zu verhindern. N\u00e4here Informationen hierzu finden Sie vorstehend unter \u201eCookies\u201c.<\/p>\n<p>Weitergehende Informationen \u00fcber die Erhebung und Nutzung von Daten sowie Ihre diesbez\u00fcglichen Rechte und Schutzm\u00f6glichkeiten h\u00e4lt Google in den unter<\/p>\n<p>https:\/\/policies.google.com\/privacy<\/p>\n<p>abrufbaren Datenschutzhinweisen bereit.<br \/>\nMailChimp \u2013 Newsletter<\/p>\n<p>Wir bieten Ihnen die M\u00f6glichkeit an, sich bei uns \u00fcber unseren Internetauftritt f\u00fcr unsere kostenlosen Newsletter anmelden zu k\u00f6nnen.<\/p>\n<p>Zum Newsletterversand setzen wir MailChimp, einen Dienst der The Rocket Science Group, LLC, 512 Means Street, Suite 404, Atlanta, GA 30318, USA, nachfolgend nur \u201eThe Rocket Science Group\u201c genannt, ein.<\/p>\n<p>Durch die Zertifizierung nach dem EU-US-Datenschutzschild (\u201eEU-US Privacy Shield\u201c)<\/p>\n<p>https:\/\/www.privacyshield.gov\/participant?id=a2zt0000000TO6hAAG&#038;status=Active<\/p>\n<p>garantiert The Rocket Science Group, dass die Datenschutzvorgaben der EU auch bei der Verarbeitung von Daten in den USA eingehalten werden. Zudem bietet The Rocket Science Group unter<\/p>\n<p>http:\/\/mailchimp.com\/legal\/privacy\/<\/p>\n<p>weitergehende Datenschutzinformationen an.<\/p>\n<p>Falls Sie sich zu unserem Newsletter-Versand anmelden, werden die w\u00e4hrend des Anmeldevorgangs abgefragten Daten, wie Ihre E-Mail-Adresse sowie, optional, Ihr Name nebst Anschrift, durch The Rocket Science Group verarbeitet. Zudem werden Ihre IP-Adresse sowie das Datum Ihrer Anmeldung nebst Uhrzeit gespeichert. Im Rahmen des weiteren Anmeldevorgangs wird Ihre Einwilligung in die \u00dcbersendung des Newsletters eingeholt, der Inhalt konkret beschreiben und auf diese Datenschutzerkl\u00e4rung verwiesen.<\/p>\n<p>Der anschlie\u00dfend \u00fcber The Rocket Science Group versandte Newsletter enth\u00e4lt zudem einen sog. Z\u00e4hlpixel, auch Web Beacon genannt\u201c. Mit Hilfe dieses Z\u00e4hlpixels k\u00f6nnen wir auswerten, ob und wann Sie unseren Newsletter gelesen haben und ob Sie den in dem Newsletter etwaig enthaltenen weiterf\u00fchrenden Links gefolgt sind. Neben weiteren technischen Daten, wie bspw. die Daten Ihres EDV-Systems und Ihre IP-Adresse, werden die dabei verarbeiteten Daten gespeichert, damit wir unser Newsletter-Angebot optimieren und auf die W\u00fcnsche der Leser eingehen k\u00f6nnen. Die Daten werden also zur Steigerung der Qualit\u00e4t und Attraktivit\u00e4t unseres Newsletter-Angebots zu steigern.<\/p>\n<p>Rechtsgrundlage f\u00fcr den Versand des Newsletters und die Analyse ist Art. 6 Abs. 1 lit. a.) DSGVO.<\/p>\n<p>Die Einwilligung in den Newsletter-Versand k\u00f6nnen Sie gem\u00e4\u00df Art. 7 Abs. 3 DSGVO jederzeit mit Wirkung f\u00fcr die Zukunft widerrufen. Hierzu m\u00fcssen Sie uns lediglich \u00fcber Ihren Widerruf in Kenntnis setzen oder den in jedem Newsletter enthaltenen Abmeldelink bet\u00e4tigen.<br \/>\nGoogle AdWords mit Conversion-Tracking<\/p>\n<p>In unserem Internetauftritt setzen wir die Werbe-Komponente Google AdWords und dabei das sog. Conversion-Tracking ein. Es handelt sich hierbei um einen Dienst der Google LLC, 1600 Amphitheatre Parkway, Mountain View, CA 94043 USA, nachfolgend nur \u201eGoogle\u201c genannt.<\/p>\n<p>Durch die Zertifizierung nach dem EU-US-Datenschutzschild (\u201eEU-US Privacy Shield\u201c)<\/p>\n<p>https:\/\/www.privacyshield.gov\/participant?id=a2zt000000001L5AAI&#038;status=Active<\/p>\n<p>garantiert Google, dass die Datenschutzvorgaben der EU auch bei der Verarbeitung von Daten in den USA eingehalten werden.<\/p>\n<p>Wir nutzen das Conversion-Tracking zur zielgerichteten Bewerbung unseres Angebots. Rechtsgrundlage ist Art. 6 Abs. 1 lit. f) DSGVO. Unser berechtigtes Interesse liegt in der Analyse, Optimierung und dem wirtschaftlichen Betrieb unseres Internetauftritts.<\/p>\n<p>Falls Sie auf eine von Google geschaltete Anzeige klicken, speichert das von uns eingesetzte Conversion-Tracking ein Cookie auf Ihrem Endger\u00e4t. Diese sog. Conversion-Cookies verlieren mit Ablauf von 30 Tagen ihre G\u00fcltigkeit und dienen im \u00dcbrigen nicht Ihrer pers\u00f6nlichen Identifikation.<\/p>\n<p>Sofern das Cookie noch g\u00fcltig ist und Sie eine bestimmte Seite unseres Internetauftritts besuchen, k\u00f6nnen sowohl wir als auch Google auswerten, dass Sie auf eine unserer bei Google platzierten Anzeigen geklickt haben und dass Sie anschlie\u00dfend auf unseren Internetauftritt weitergeleitet worden sind.<\/p>\n<p>Durch die so eingeholten Informationen erstellt Google uns eine Statistik \u00fcber den Besuch unseres Internetauftritts. Zudem erhalten wir hierdurch Informationen \u00fcber die Anzahl der Nutzer, die auf unsere Anzeige(n) geklickt haben sowie \u00fcber die anschlie\u00dfend aufgerufenen Seiten unseres Internetauftritts. Weder wir noch Dritte, die ebenfalls Google-AdWords einsetzten, werden hierdurch allerdings in die Lage versetzt, Sie auf diesem Wege zu identifizieren.<\/p>\n<p>Durch die entsprechenden Einstellungen Ihres Internet-Browsers k\u00f6nnen Sie zudem die Installation der Cookies verhindern oder einschr\u00e4nken. Gleichzeitig k\u00f6nnen Sie bereits gespeicherte Cookies jederzeit l\u00f6schen. Die hierf\u00fcr erforderlichen Schritte und Ma\u00dfnahmen h\u00e4ngen jedoch von Ihrem konkret genutzten Internet-Browser ab. Bei Fragen benutzen Sie daher bitte die Hilfefunktion oder Dokumentation Ihres Internet-Browsers oder wenden sich an dessen Hersteller bzw. Support.<\/p>\n<p>Ferner bietet auch Google unter<\/p>\n<p>https:\/\/services.google.com\/sitestats\/de.html<\/p>\n<p>http:\/\/www.google.com\/policies\/technologies\/ads\/<\/p>\n<p>http:\/\/www.google.de\/policies\/privacy\/<\/p>\n<p>weitergehende Informationen zu diesem Thema und dabei insbesondere zu den M\u00f6glichkeiten der Unterbindung der Datennutzung an.<br \/>\nGoogle AdSense<\/p>\n<p>In unserem Internetauftritt setzen wir zur Einbindung von Werbeanzeigen Google AdSense ein. Es handelt sich hierbei um einen Dienst der Google LLC, 1600 Amphitheatre Parkway, Mountain View, CA 94043 USA, nachfolgend nur \u201eGoogle\u201c genannt.<\/p>\n<p>Durch die Zertifizierung nach dem EU-US-Datenschutzschild (\u201eEU-US Privacy Shield\u201c)<\/p>\n<p>https:\/\/www.privacyshield.gov\/participant?id=a2zt000000001L5AAI&#038;status=Active<\/p>\n<p>garantiert Google, dass die Datenschutzvorgaben der EU auch bei der Verarbeitung von Daten in den USA eingehalten werden.<\/p>\n<p>Durch Google AdSense werden Cookies sowie sog. Web Beacons \u00fcber Ihren Internet-Browser auf Ihrem Endger\u00e4t gespeichert. Hierdurch erm\u00f6glicht uns Google die Analyse der Nutzung unseres Internetauftritts durch Sie. Die so erfassten Informationen werden neben Ihrer IP-Adresse und der Ihnen angezeigten Werbeformate an Google in die USA \u00fcbertragen und dort gespeichert. Ferner kann Google diese Informationen an Vertragspartner weitergeben. Google erkl\u00e4rt allerdings, dass Ihre IP-Adresse nicht mit anderen Daten von Ihnen zusammengef\u00fchrt w\u00fcrden.<\/p>\n<p>Rechtsgrundlage ist Art. 6 Abs. 1 lit. f) DSGVO. Unser berechtigtes Interesse liegt in der Analyse, Optimierung und dem wirtschaftlichen Betrieb unseres Internetauftritts.<\/p>\n<p>Sofern Sie mit dieser Verarbeitung nicht einverstanden sind, haben Sie die M\u00f6glichkeit, die Installation der Cookies durch die entsprechenden Einstellungen in Ihrem Internet-Browser zu verhindern. Einzelheiten hierzu finden Sie vorstehend unter dem Punkt \u201eCookies\u201c.<\/p>\n<p>Zudem bietet Google unter<\/p>\n<p>https:\/\/policies.google.com\/privacy<\/p>\n<p>https:\/\/adssettings.google.com\/authenticated<\/p>\n<p>weitere Informationen an und zwar insbesondere zu den M\u00f6glichkeiten der Unterbindung der Datennutzung.<br \/>\nNewsletter per WhatsApp<\/p>\n<p>Unseren kostenlosen Newsletter k\u00f6nnen Sie auch \u00fcber den Instant-Messaging-Dienst WhatsApp beziehen. WhatsApp ist ein Dienst der WhatsApp Ireland Limited, 4 Grand Canal Square, Grand Canal Harbour, Dublin 2, Irland, einem Tochterunternehmen der WhatsApp Inc., 1601 Willow Road, Menlo Park, California 94025, USA, beide nachfolgend nur \u201eWhatsApp\u201c genannt. Teilweise erfolgt die Verarbeitung der Nutzerdaten auf Servern von WhatsApp in den USA.Durch die Zertifizierung nach dem EU-US-Datenschutzschild (\u201eEU-US Privacy Shield\u201c)<\/p>\n<p>https:\/\/www.privacyshield.gov\/participant?id=a2zt0000000TSnwAAG&#038;status=Active<\/p>\n<p>garantiert WhatsApp aber, dass die Datenschutzvorgaben der EU auch bei der Verarbeitung von Daten in den USA eingehalten werden. Zudem bietet WhatsApp unter<\/p>\n<p>https:\/\/www.whatsapp.com\/legal\/#privacy-policy<\/p>\n<p>weitergehende Datenschutzinformationen an<\/p>\n<p>Um unseren Newsletter per WhatsApp empfangen zu k\u00f6nnen, ben\u00f6tigen Sie ein WhatsApp Nutzerkonto. Einzelheiten dar\u00fcber, welche Daten WhatsApp bei der Registrierung erhebt, k\u00f6nnen Sie den vorgenannten Datenschutzinformationen von WhatsApp entnehmen.<\/p>\n<p>Falls Sie sich dann zu unserem Newsletter-Versand per WhatsApp anmelden, wird die von Ihnen w\u00e4hrend des Anmeldevorgangs eingegebene Mobilfunkrufnummer durch WhatsApp verarbeitet. Zudem werden Ihre IP-Adresse sowie das Datum Ihrer Anmeldung nebst Uhrzeit gespeichert. Im Rahmen des weiteren Anmeldevorgangs wird Ihre Einwilligung in die \u00dcbersendung des Newsletters eingeholt, der Inhalt konkret beschreiben und auf diese Datenschutzerkl\u00e4rung verwiesen.<\/p>\n<p>Rechtsgrundlage f\u00fcr den Versand des Newsletters und die Analyse ist Art. 6 Abs. 1 lit. a.) DSGVO.<\/p>\n<p>Die Einwilligung in den Newsletter-Versand k\u00f6nnen Sie gem\u00e4\u00df Art. 7 Abs. 3 DSGVO jederzeit mit Wirkung f\u00fcr die Zukunft widerrufen. Hierzu m\u00fcssen Sie uns lediglich \u00fcber Ihren Widerruf in Kenntnis setzen. Ebenfalls k\u00f6nnen Sie den Newsletterempfang durch eine Einstellung in der WhatsApp-Software auf Ihrem Endger\u00e4t blockieren.<br \/>\nOnline-Stellenbewerbungen \/ Ver\u00f6ffentlichung von Stellenanzeigen<\/p>\n<p>Wir bieten Ihnen die M\u00f6glichkeit an, sich bei uns \u00fcber unseren Internetauftritt bewerben zu k\u00f6nnen. Bei diesen digitalen Bewerbungen werden Ihre Bewerber- und Bewerbungsdaten von uns zur Abwicklung des Bewerbungsverfahrens elektronisch erhoben und verarbeitet.<\/p>\n<p>Rechtsgrundlage f\u00fcr diese Verarbeitung ist \u00a7 26 Abs. 1 S. 1 BDSG i.V.m. Art. 88 Abs. 1 DSGVO.<\/p>\n<p>Sofern nach dem Bewerbungsverfahren ein Arbeitsvertrag geschlossen wird, speichern wir Ihre bei der Bewerbung \u00fcbermittelten Daten in Ihrer Personalakte zum Zwecke des \u00fcblichen Organisations- und Verwaltungsprozesses \u2013 dies nat\u00fcrlich unter Beachtung der weitergehenden rechtlichen Verpflichtungen.<\/p>\n<p>Rechtsgrundlage f\u00fcr diese Verarbeitung ist ebenfalls \u00a7 26 Abs. 1 S. 1 BDSG i.V.m. Art. 88 Abs. 1 DSGVO.<\/p>\n<p>Bei der Zur\u00fcckweisung einer Bewerbung l\u00f6schen wir die uns \u00fcbermittelten Daten automatisch zwei Monate nach der Bekanntgabe der Zur\u00fcckweisung. Die L\u00f6schung erfolgt jedoch nicht, wenn die Daten aufgrund gesetzlicher Bestimmungen, bspw. wegen der Beweispflichten nach dem AGG, eine l\u00e4ngere Speicherung von bis zu vier Monaten oder bis zum Abschluss eines gerichtlichen Verfahrens erfordern.<\/p>\n<p>Rechtsgrundlage ist in diesem Fall Art. 6 Abs. 1 lit. f) DSGVO und \u00a7 24 Abs. 1 Nr. 2 BDSG. Unser berechtigtes Interesse liegt in der Rechtsverteidigung bzw. -durchsetzung.<\/p>\n<p>Sofern Sie ausdr\u00fccklich in eine l\u00e4ngere Speicherung Ihrer Daten einwilligen, bspw. f\u00fcr Ihre Aufnahme in eine Bewerber- oder Interessentendatenbank, werden die Daten aufgrund Ihrer Einwilligung weiterverarbeitet. Rechtsgrundlage ist dann Art. 6 Abs. 1 lit. a) DSGVO. Ihre Einwilligung k\u00f6nnen Sie aber nat\u00fcrlich jederzeit nach Art. 7 Abs. 3 DSGVO durch Erkl\u00e4rung uns gegen\u00fcber mit Wirkung f\u00fcr die Zukunft widerrufen.<\/p>\n<p><strong>III. Informationen zur Datenverarbeitung<\/strong><\/p>\n<h5>1. Begriffsbestimmungen<\/h5>\n<p>Die Datenschutzerkl\u00e4rung der Wachenheim Unternehmens- u. Personalberatung GmbH beruht auf den Begrifflichkeiten, die durch den Europ\u00e4ischen Richtlinien- und Verordnungsgeber beim Erlass der Datenschutz-Grundverordnung (DS-GVO) verwendet wurden. Unsere Datenschutzerkl\u00e4rung soll sowohl f\u00fcr die \u00d6ffentlichkeit als auch f\u00fcr unsere Kunden und Gesch\u00e4ftspartner einfach lesbar und verst\u00e4ndlich sein. Um dies zu gew\u00e4hrleisten, m\u00f6chten wir vorab die verwendeten Begrifflichkeiten erl\u00e4utern.<\/p>\n<p>Wir verwenden in dieser Datenschutzerkl\u00e4rung unter anderem die folgenden Begriffe:<\/p>\n<ul>\n<li>\n<h5>a)\u00a0\u00a0\u00a0 personenbezogene Daten<\/h5>\n<p>Personenbezogene Daten sind alle Informationen, die sich auf eine identifizierte oder identifizierbare nat\u00fcrliche Person (im Folgenden \u201ebetroffene Person\u201c) beziehen. Als identifizierbar wird eine nat\u00fcrliche Person angesehen, die direkt oder indirekt, insbesondere mittels Zuordnung zu einer Kennung wie einem Namen, zu einer Kennnummer, zu Standortdaten, zu einer Online-Kennung oder zu einem oder mehreren besonderen Merkmalen, die Ausdruck der physischen, physiologischen, genetischen, psychischen, wirtschaftlichen, kulturellen oder sozialen Identit\u00e4t dieser nat\u00fcrlichen Person sind, identifiziert werden kann.<\/li>\n<li>\n<h5>b)\u00a0\u00a0\u00a0 betroffene Person<\/h5>\n<p>Betroffene Person ist jede identifizierte oder identifizierbare nat\u00fcrliche Person, deren personenbezogene Daten von dem f\u00fcr die Verarbeitung Verantwortlichen verarbeitet werden.<\/li>\n<li>\n<h5>c)\u00a0\u00a0\u00a0 Verarbeitung<\/h5>\n<p>Verarbeitung ist jeder mit oder ohne Hilfe automatisierter Verfahren ausgef\u00fchrte Vorgang oder jede solche Vorgangsreihe im Zusammenhang mit personenbezogenen Daten wie das Erheben, das Erfassen, die Organisation, das Ordnen, die Speicherung, die Anpassung oder Ver\u00e4nderung, das Auslesen, das Abfragen, die Verwendung, die Offenlegung durch \u00dcbermittlung, Verbreitung oder eine andere Form der Bereitstellung, den Abgleich oder die Verkn\u00fcpfung, die Einschr\u00e4nkung, das L\u00f6schen oder die Vernichtung.<\/li>\n<li>\n<h5>d)\u00a0\u00a0\u00a0 Einschr\u00e4nkung der Verarbeitung<\/h5>\n<p>Einschr\u00e4nkung der Verarbeitung ist die Markierung gespeicherter personenbezogener Daten mit dem Ziel, ihre k\u00fcnftige Verarbeitung einzuschr\u00e4nken.<\/li>\n<li>\n<h5>e)\u00a0\u00a0\u00a0 Profiling<\/h5>\n<p>Profiling ist jede Art der automatisierten Verarbeitung personenbezogener Daten, die darin besteht, dass diese personenbezogenen Daten verwendet werden, um bestimmte pers\u00f6nliche Aspekte, die sich auf eine nat\u00fcrliche Person beziehen, zu bewerten, insbesondere, um Aspekte bez\u00fcglich Arbeitsleistung, wirtschaftlicher Lage, Gesundheit, pers\u00f6nlicher Vorlieben, Interessen, Zuverl\u00e4ssigkeit, Verhalten, Aufenthaltsort oder Ortswechsel dieser nat\u00fcrlichen Person zu analysieren oder vorherzusagen.<\/li>\n<li>\n<h5>f)\u00a0\u00a0\u00a0\u00a0 Pseudonymisierung<\/h5>\n<p>Pseudonymisierung ist die Verarbeitung personenbezogener Daten in einer Weise, auf welche die personenbezogenen Daten ohne Hinzuziehung zus\u00e4tzlicher Informationen nicht mehr einer spezifischen betroffenen Person zugeordnet werden k\u00f6nnen, sofern diese zus\u00e4tzlichen Informationen gesondert aufbewahrt werden und technischen und organisatorischen Ma\u00dfnahmen unterliegen, die gew\u00e4hrleisten, dass die personenbezogenen Daten nicht einer identifizierten oder identifizierbaren nat\u00fcrlichen Person zugewiesen werden.<\/li>\n<li>\n<h5>g)\u00a0\u00a0\u00a0 Verantwortlicher oder f\u00fcr die Verarbeitung Verantwortlicher<\/h5>\n<p>Verantwortlicher oder f\u00fcr die Verarbeitung Verantwortlicher ist die nat\u00fcrliche oder juristische Person, Beh\u00f6rde, Einrichtung oder andere Stelle, die allein oder gemeinsam mit anderen \u00fcber die Zwecke und Mittel der Verarbeitung von personenbezogenen Daten entscheidet. Sind die Zwecke und Mittel dieser Verarbeitung durch das Unionsrecht oder das Recht der Mitgliedstaaten vorgegeben, so kann der Verantwortliche beziehungsweise k\u00f6nnen die bestimmten Kriterien seiner Benennung nach dem Unionsrecht oder dem Recht der Mitgliedstaaten vorgesehen werden.<\/li>\n<li>\n<h5>h)\u00a0\u00a0\u00a0 Auftragsverarbeiter<\/h5>\n<p>Auftragsverarbeiter ist eine nat\u00fcrliche oder juristische Person, Beh\u00f6rde, Einrichtung oder andere Stelle, die personenbezogene Daten im Auftrag des Verantwortlichen verarbeitet.<\/li>\n<li>\n<h5>i)\u00a0\u00a0\u00a0\u00a0\u00a0 Empf\u00e4nger<\/h5>\n<p>Empf\u00e4nger ist eine nat\u00fcrliche oder juristische Person, Beh\u00f6rde, Einrichtung oder andere Stelle, der personenbezogene Daten offengelegt werden, unabh\u00e4ngig davon, ob es sich bei ihr um einen Dritten handelt oder nicht. Beh\u00f6rden, die im Rahmen eines bestimmten Untersuchungsauftrags nach dem Unionsrecht oder dem Recht der Mitgliedstaaten m\u00f6glicherweise personenbezogene Daten erhalten, gelten jedoch nicht als Empf\u00e4nger.<\/li>\n<li>\n<h5>j)\u00a0\u00a0\u00a0\u00a0\u00a0 Dritter<\/h5>\n<p>Dritter ist eine nat\u00fcrliche oder juristische Person, Beh\u00f6rde, Einrichtung oder andere Stelle au\u00dfer der betroffenen Person, dem Verantwortlichen, dem Auftragsverarbeiter und den Personen, die unter der unmittelbaren Verantwortung des Verantwortlichen oder des Auftragsverarbeiters befugt sind, die personenbezogenen Daten zu verarbeiten.<\/li>\n<li>\n<h5>k)\u00a0\u00a0\u00a0 Einwilligung<\/h5>\n<p>Einwilligung ist jede von der betroffenen Person freiwillig f\u00fcr den bestimmten Fall in informierter Weise und unmissverst\u00e4ndlich abgegebene Willensbekundung in Form einer Erkl\u00e4rung oder einer sonstigen eindeutigen best\u00e4tigenden Handlung, mit der die betroffene Person zu verstehen gibt, dass sie mit der Verarbeitung der sie betreffenden personenbezogenen Daten einverstanden ist.<\/li>\n<\/ul>\n<h5>3. Erfassung von allgemeinen Daten und Informationen<\/h5>\n<p>Die Internetseite der Wachenheim Unternehmens- u. Personalberatung GmbH erfasst mit jedem Aufruf der Internetseite durch eine betroffene Person oder ein automatisiertes System eine Reihe von allgemeinen Daten und Informationen. Diese allgemeinen Daten und Informationen werden in den Logfiles des Servers gespeichert. Erfasst werden k\u00f6nnen die (1) verwendeten Browsertypen und Versionen, (2) das vom zugreifenden System verwendete Betriebssystem, (3) die Internetseite, von welcher ein zugreifendes System auf unsere Internetseite gelangt (sogenannte Referrer), (4) die Unterwebseiten, welche \u00fcber ein zugreifendes System auf unserer Internetseite angesteuert werden, (5) das Datum und die Uhrzeit eines Zugriffs auf die Internetseite, (6) eine Internet-Protokoll-Adresse (IP-Adresse), (7) der Internet-Service-Provider des zugreifenden Systems und (8) sonstige \u00e4hnliche Daten und Informationen, die der Gefahrenabwehr im Falle von Angriffen auf unsere informationstechnologischen Systeme dienen.<\/p>\n<p>Bei der Nutzung dieser allgemeinen Daten und Informationen zieht die Wachenheim Unternehmens- u. Personalberatung GmbH keine R\u00fcckschl\u00fcsse auf die betroffene Person. Diese Informationen werden vielmehr ben\u00f6tigt, um (1) die Inhalte unserer Internetseite korrekt auszuliefern, (2) die Inhalte unserer Internetseite sowie die Werbung f\u00fcr diese zu optimieren, (3) die dauerhafte Funktionsf\u00e4higkeit unserer informationstechnologischen Systeme und der Technik unserer Internetseite zu gew\u00e4hrleisten sowie (4) um Strafverfolgungsbeh\u00f6rden im Falle eines Cyberangriffes die zur Strafverfolgung notwendigen Informationen bereitzustellen. Diese anonym erhobenen Daten und Informationen werden durch die Wachenheim Unternehmens- u. Personalberatung GmbH daher einerseits statistisch und ferner mit dem Ziel ausgewertet, den Datenschutz und die Datensicherheit in unserem Unternehmen zu erh\u00f6hen, um letztlich ein optimales Schutzniveau f\u00fcr die von uns verarbeiteten personenbezogenen Daten sicherzustellen. Die anonymen Daten der Server-Logfiles werden getrennt von allen durch eine betroffene Person angegebenen personenbezogenen Daten gespeichert.<\/p>\n<h5>4. Routinem\u00e4\u00dfige L\u00f6schung und Sperrung von personenbezogenen Daten<\/h5>\n<p>Der f\u00fcr die Verarbeitung Verantwortliche verarbeitet und speichert personenbezogene Daten der betroffenen Person nur f\u00fcr den Zeitraum, der zur Erreichung des Speicherungszwecks erforderlich ist oder sofern dies durch den Europ\u00e4ischen Richtlinien- und Verordnungsgeber oder einen anderen Gesetzgeber in Gesetzen oder Vorschriften, welchen der f\u00fcr die Verarbeitung Verantwortliche unterliegt, vorgesehen wurde.<\/p>\n<p>Entf\u00e4llt der Speicherungszweck oder l\u00e4uft eine vom Europ\u00e4ischen Richtlinien- und Verordnungsgeber oder einem anderen zust\u00e4ndigen Gesetzgeber vorgeschriebene Speicherfrist ab, werden die personenbezogenen Daten routinem\u00e4\u00dfig und entsprechend den gesetzlichen Vorschriften gesperrt oder gel\u00f6scht.<\/p>\n<h5>5. Rechte der betroffenen Person<\/h5>\n<ul>\n<li>\n<h5>a)\u00a0\u00a0\u00a0 Recht auf Best\u00e4tigung<\/h5>\n<p>Jede betroffene Person hat das vom Europ\u00e4ischen Richtlinien- und Verordnungsgeber einger\u00e4umte Recht, von dem f\u00fcr die Verarbeitung Verantwortlichen eine Best\u00e4tigung dar\u00fcber zu verlangen, ob sie betreffende personenbezogene Daten verarbeitet werden. M\u00f6chte eine betroffene Person dieses Best\u00e4tigungsrecht in Anspruch nehmen, kann sie sich hierzu jederzeit an einen Mitarbeiter des f\u00fcr die Verarbeitung Verantwortlichen wenden.<\/li>\n<li>\n<h5>b)\u00a0\u00a0\u00a0 Recht auf Auskunft<\/h5>\n<p>Jede von der Verarbeitung personenbezogener Daten betroffene Person hat das vom Europ\u00e4ischen Richtlinien- und Verordnungsgeber gew\u00e4hrte Recht, jederzeit von dem f\u00fcr die Verarbeitung Verantwortlichen unentgeltliche Auskunft \u00fcber die zu seiner Person gespeicherten personenbezogenen Daten und eine Kopie dieser Auskunft zu erhalten. Ferner hat der Europ\u00e4ische Richtlinien- und Verordnungsgeber der betroffenen Person Auskunft \u00fcber folgende Informationen zugestanden:<\/p>\n<ul>\n<li>die Verarbeitungszwecke<\/li>\n<li>die Kategorien personenbezogener Daten, die verarbeitet werden<\/li>\n<li>die Empf\u00e4nger oder Kategorien von Empf\u00e4ngern, gegen\u00fcber denen die personenbezogenen Daten offengelegt worden sind oder noch offengelegt werden, insbesondere bei Empf\u00e4ngern in Drittl\u00e4ndern oder bei internationalen Organisationen<\/li>\n<li>falls m\u00f6glich die geplante Dauer, f\u00fcr die die personenbezogenen Daten gespeichert werden, oder, falls dies nicht m\u00f6glich ist, die Kriterien f\u00fcr die Festlegung dieser Dauer<\/li>\n<li>das Bestehen eines Rechts auf Berichtigung oder L\u00f6schung der sie betreffenden personenbezogenen Daten oder auf Einschr\u00e4nkung der Verarbeitung durch den Verantwortlichen oder eines Widerspruchsrechts gegen diese Verarbeitung<\/li>\n<li>das Bestehen eines Beschwerderechts bei einer Aufsichtsbeh\u00f6rde<\/li>\n<li>wenn die personenbezogenen Daten nicht bei der betroffenen Person erhoben werden: Alle verf\u00fcgbaren Informationen \u00fcber die Herkunft der Daten<\/li>\n<li>das Bestehen einer automatisierten Entscheidungsfindung einschlie\u00dflich Profiling gem\u00e4\u00df Artikel 22 Abs.1 und 4 DS-GVO und \u2014 zumindest in diesen F\u00e4llen \u2014 aussagekr\u00e4ftige Informationen \u00fcber die involvierte Logik sowie die Tragweite und die angestrebten Auswirkungen einer derartigen Verarbeitung f\u00fcr die betroffene Person<\/li>\n<\/ul>\n<p>Ferner steht der betroffenen Person ein Auskunftsrecht dar\u00fcber zu, ob personenbezogene Daten an ein Drittland oder an eine internationale Organisation \u00fcbermittelt wurden. Sofern dies der Fall ist, so steht der betroffenen Person im \u00dcbrigen das Recht zu, Auskunft \u00fcber die geeigneten Garantien im Zusammenhang mit der \u00dcbermittlung zu erhalten.<\/p>\n<p>M\u00f6chte eine betroffene Person dieses Auskunftsrecht in Anspruch nehmen, kann sie sich hierzu jederzeit an einen Mitarbeiter des f\u00fcr die Verarbeitung Verantwortlichen wenden.<\/li>\n<li>\n<h5>c)\u00a0\u00a0\u00a0 Recht auf Berichtigung<\/h5>\n<p>Jede von der Verarbeitung personenbezogener Daten betroffene Person hat das vom Europ\u00e4ischen Richtlinien- und Verordnungsgeber gew\u00e4hrte Recht, die unverz\u00fcgliche Berichtigung sie betreffender unrichtiger personenbezogener Daten zu verlangen. Ferner steht der betroffenen Person das Recht zu, unter Ber\u00fccksichtigung der Zwecke der Verarbeitung, die Vervollst\u00e4ndigung unvollst\u00e4ndiger personenbezogener Daten \u2014 auch mittels einer erg\u00e4nzenden Erkl\u00e4rung \u2014 zu verlangen.<\/p>\n<p>M\u00f6chte eine betroffene Person dieses Berichtigungsrecht in Anspruch nehmen, kann sie sich hierzu jederzeit an einen Mitarbeiter des f\u00fcr die Verarbeitung Verantwortlichen wenden.<\/li>\n<li>\n<h5>d)\u00a0\u00a0\u00a0 Recht auf L\u00f6schung (Recht auf Vergessen werden)<\/h5>\n<p>Jede von der Verarbeitung personenbezogener Daten betroffene Person hat das vom Europ\u00e4ischen Richtlinien- und Verordnungsgeber gew\u00e4hrte Recht, von dem Verantwortlichen zu verlangen, dass die sie betreffenden personenbezogenen Daten unverz\u00fcglich gel\u00f6scht werden, sofern einer der folgenden Gr\u00fcnde zutrifft und soweit die Verarbeitung nicht erforderlich ist:<\/p>\n<ul>\n<li>Die personenbezogenen Daten wurden f\u00fcr solche Zwecke erhoben oder auf sonstige Weise verarbeitet, f\u00fcr welche sie nicht mehr notwendig sind.<\/li>\n<li>Die betroffene Person widerruft ihre Einwilligung, auf die sich die Verarbeitung gem\u00e4\u00df Art. 6 Abs. 1 Buchstabe a DS-GVO oder Art. 9 Abs. 2 Buchstabe a DS-GVO st\u00fctzte, und es fehlt an einer anderweitigen Rechtsgrundlage f\u00fcr die Verarbeitung.<\/li>\n<li>Die betroffene Person legt gem\u00e4\u00df Art. 21 Abs. 1 DS-GVO Widerspruch gegen die Verarbeitung ein, und es liegen keine vorrangigen berechtigten Gr\u00fcnde f\u00fcr die Verarbeitung vor, oder die betroffene Person legt gem\u00e4\u00df Art. 21 Abs. 2 DS-GVO Widerspruch gegen die Verarbeitung ein.<\/li>\n<li>Die personenbezogenen Daten wurden unrechtm\u00e4\u00dfig verarbeitet.<\/li>\n<li>Die L\u00f6schung der personenbezogenen Daten ist zur Erf\u00fcllung einer rechtlichen Verpflichtung nach dem Unionsrecht oder dem Recht der Mitgliedstaaten erforderlich, dem der Verantwortliche unterliegt.<\/li>\n<li>Die personenbezogenen Daten wurden in Bezug auf angebotene Dienste der Informationsgesellschaft gem\u00e4\u00df Art. 8 Abs. 1 DS-GVO erhoben.<\/li>\n<\/ul>\n<p>Sofern einer der oben genannten Gr\u00fcnde zutrifft und eine betroffene Person die L\u00f6schung von personenbezogenen Daten, die bei der Wachenheim Unternehmens- u. Personalberatung GmbH gespeichert sind, veranlassen m\u00f6chte, kann sie sich hierzu jederzeit an einen Mitarbeiter des f\u00fcr die Verarbeitung Verantwortlichen wenden. Der Mitarbeiter der Wachenheim Unternehmens- u. Personalberatung GmbH wird veranlassen, dass dem L\u00f6schverlangen unverz\u00fcglich nachgekommen wird.<\/p>\n<p>Wurden die personenbezogenen Daten von der Wachenheim Unternehmens- u. Personalberatung GmbH \u00f6ffentlich gemacht und ist unser Unternehmen als Verantwortlicher gem\u00e4\u00df Art. 17 Abs. 1 DS-GVO zur L\u00f6schung der personenbezogenen Daten verpflichtet, so trifft die Wachenheim Unternehmens- u. Personalberatung GmbH unter Ber\u00fccksichtigung der verf\u00fcgbaren Technologie und der Implementierungskosten angemessene Ma\u00dfnahmen, auch technischer Art, um andere f\u00fcr die Datenverarbeitung Verantwortliche, welche die ver\u00f6ffentlichten personenbezogenen Daten verarbeiten, dar\u00fcber in Kenntnis zu setzen, dass die betroffene Person von diesen anderen f\u00fcr die Datenverarbeitung Verantwortlichen die L\u00f6schung s\u00e4mtlicher Links zu diesen personenbezogenen Daten oder von Kopien oder Replikationen dieser personenbezogenen Daten verlangt hat, soweit die Verarbeitung nicht erforderlich ist. Der Mitarbeiter der Wachenheim Unternehmens- u. Personalberatung GmbH wird im Einzelfall das Notwendige veranlassen.<\/li>\n<li>\n<h5>e)\u00a0\u00a0\u00a0 Recht auf Einschr\u00e4nkung der Verarbeitung<\/h5>\n<p>Jede von der Verarbeitung personenbezogener Daten betroffene Person hat das vom Europ\u00e4ischen Richtlinien- und Verordnungsgeber gew\u00e4hrte Recht, von dem Verantwortlichen die Einschr\u00e4nkung der Verarbeitung zu verlangen, wenn eine der folgenden Voraussetzungen gegeben ist:<\/p>\n<ul>\n<li>Die Richtigkeit der personenbezogenen Daten wird von der betroffenen Person bestritten, und zwar f\u00fcr eine Dauer, die es dem Verantwortlichen erm\u00f6glicht, die Richtigkeit der personenbezogenen Daten zu \u00fcberpr\u00fcfen.<\/li>\n<li>Die Verarbeitung ist unrechtm\u00e4\u00dfig, die betroffene Person lehnt die L\u00f6schung der personenbezogenen Daten ab und verlangt stattdessen die Einschr\u00e4nkung der Nutzung der personenbezogenen Daten.<\/li>\n<li>Der Verantwortliche ben\u00f6tigt die personenbezogenen Daten f\u00fcr die Zwecke der Verarbeitung nicht l\u00e4nger, die betroffene Person ben\u00f6tigt sie jedoch zur Geltendmachung, Aus\u00fcbung oder Verteidigung von Rechtsanspr\u00fcchen.<\/li>\n<li>Die betroffene Person hat Widerspruch gegen die Verarbeitung gem. Art. 21 Abs. 1 DS-GVO eingelegt und es steht noch nicht fest, ob die berechtigten Gr\u00fcnde des Verantwortlichen gegen\u00fcber denen der betroffenen Person \u00fcberwiegen.<\/li>\n<\/ul>\n<p>Sofern eine der oben genannten Voraussetzungen gegeben ist und eine betroffene Person die Einschr\u00e4nkung von personenbezogenen Daten, die bei der Wachenheim Unternehmens- u. Personalberatung GmbH gespeichert sind, verlangen m\u00f6chte, kann sie sich hierzu jederzeit an einen Mitarbeiter des f\u00fcr die Verarbeitung Verantwortlichen wenden. Der Mitarbeiter der Wachenheim Unternehmens- u. Personalberatung GmbH wird die Einschr\u00e4nkung der Verarbeitung veranlassen.<\/li>\n<li>\n<h5>f)\u00a0\u00a0\u00a0\u00a0 Recht auf Daten\u00fcbertragbarkeit<\/h5>\n<p>Jede von der Verarbeitung personenbezogener Daten betroffene Person hat das vom Europ\u00e4ischen Richtlinien- und Verordnungsgeber gew\u00e4hrte Recht, die sie betreffenden personenbezogenen Daten, welche durch die betroffene Person einem Verantwortlichen bereitgestellt wurden, in einem strukturierten, g\u00e4ngigen und maschinenlesbaren Format zu erhalten. Sie hat au\u00dferdem das Recht, diese Daten einem anderen Verantwortlichen ohne Behinderung durch den Verantwortlichen, dem die personenbezogenen Daten bereitgestellt wurden, zu \u00fcbermitteln, sofern die Verarbeitung auf der Einwilligung gem\u00e4\u00df Art. 6 Abs. 1 Buchstabe a DS-GVO oder Art. 9 Abs. 2 Buchstabe a DS-GVO oder auf einem Vertrag gem\u00e4\u00df Art. 6 Abs. 1 Buchstabe b DS-GVO beruht und die Verarbeitung mithilfe automatisierter Verfahren erfolgt, sofern die Verarbeitung nicht f\u00fcr die Wahrnehmung einer Aufgabe erforderlich ist, die im \u00f6ffentlichen Interesse liegt oder in Aus\u00fcbung \u00f6ffentlicher Gewalt erfolgt, welche dem Verantwortlichen \u00fcbertragen wurde.<\/p>\n<p>Ferner hat die betroffene Person bei der Aus\u00fcbung ihres Rechts auf Daten\u00fcbertragbarkeit gem\u00e4\u00df Art. 20 Abs. 1 DS-GVO das Recht, zu erwirken, dass die personenbezogenen Daten direkt von einem Verantwortlichen an einen anderen Verantwortlichen \u00fcbermittelt werden, soweit dies technisch machbar ist und sofern hiervon nicht die Rechte und Freiheiten anderer Personen beeintr\u00e4chtigt werden.<\/p>\n<p>Zur Geltendmachung des Rechts auf Daten\u00fcbertragbarkeit kann sich die betroffene Person jederzeit an einen Mitarbeiter der Wachenheim Unternehmens- u. Personalberatung GmbH wenden.<\/li>\n<li>\n<h5>g)\u00a0\u00a0\u00a0 Recht auf Widerspruch<\/h5>\n<p>Jede von der Verarbeitung personenbezogener Daten betroffene Person hat das vom Europ\u00e4ischen Richtlinien- und Verordnungsgeber gew\u00e4hrte Recht, aus Gr\u00fcnden, die sich aus ihrer besonderen Situation ergeben, jederzeit gegen die Verarbeitung sie betreffender personenbezogener Daten, die aufgrund von Art. 6 Abs. 1 Buchstaben e oder f DS-GVO erfolgt, Widerspruch einzulegen. Dies gilt auch f\u00fcr ein auf diese Bestimmungen gest\u00fctztes Profiling.<\/p>\n<p>Die Wachenheim Unternehmens- u. Personalberatung GmbH verarbeitet die personenbezogenen Daten im Falle des Widerspruchs nicht mehr, es sei denn, wir k\u00f6nnen zwingende schutzw\u00fcrdige Gr\u00fcnde f\u00fcr die Verarbeitung nachweisen, die den Interessen, Rechten und Freiheiten der betroffenen Person \u00fcberwiegen, oder die Verarbeitung dient der Geltendmachung, Aus\u00fcbung oder Verteidigung von Rechtsanspr\u00fcchen.<\/p>\n<p>Verarbeitet die Wachenheim Unternehmens- u. Personalberatung GmbH personenbezogene Daten, um Direktwerbung zu betreiben, so hat die betroffene Person das Recht, jederzeit Widerspruch gegen die Verarbeitung der personenbezogenen Daten zum Zwecke derartiger Werbung einzulegen. Dies gilt auch f\u00fcr das Profiling, soweit es mit solcher Direktwerbung in Verbindung steht. Widerspricht die betroffene Person gegen\u00fcber der Wachenheim Unternehmens- u. Personalberatung GmbH der Verarbeitung f\u00fcr Zwecke der Direktwerbung, so wird die Wachenheim Unternehmens- u. Personalberatung GmbH die personenbezogenen Daten nicht mehr f\u00fcr diese Zwecke verarbeiten.<\/p>\n<p>Zudem hat die betroffene Person das Recht, aus Gr\u00fcnden, die sich aus ihrer besonderen Situation ergeben, gegen die sie betreffende Verarbeitung personenbezogener Daten, die bei der Wachenheim Unternehmens- u. Personalberatung GmbH zu wissenschaftlichen oder historischen Forschungszwecken oder zu statistischen Zwecken gem\u00e4\u00df Art. 89 Abs. 1 DS-GVO erfolgen, Widerspruch einzulegen, es sei denn, eine solche Verarbeitung ist zur Erf\u00fcllung einer im \u00f6ffentlichen Interesse liegenden Aufgabe erforderlich.<\/p>\n<p>Zur Aus\u00fcbung des Rechts auf Widerspruch kann sich die betroffene Person direkt jeden Mitarbeiter der Wachenheim Unternehmens- u. Personalberatung GmbH oder einen anderen Mitarbeiter wenden. Der betroffenen Person steht es ferner frei, im Zusammenhang mit der Nutzung von Diensten der Informationsgesellschaft, ungeachtet der Richtlinie 2002\/58\/EG, ihr Widerspruchsrecht mittels automatisierter Verfahren auszu\u00fcben, bei denen technische Spezifikationen verwendet werden.<\/li>\n<li>\n<h5>h)\u00a0\u00a0\u00a0 Automatisierte Entscheidungen im Einzelfall einschlie\u00dflich Profiling<\/h5>\n<p>Jede von der Verarbeitung personenbezogener Daten betroffene Person hat das vom Europ\u00e4ischen Richtlinien- und Verordnungsgeber gew\u00e4hrte Recht, nicht einer ausschlie\u00dflich auf einer automatisierten Verarbeitung \u2014 einschlie\u00dflich Profiling \u2014 beruhenden Entscheidung unterworfen zu werden, die ihr gegen\u00fcber rechtliche Wirkung entfaltet oder sie in \u00e4hnlicher Weise erheblich beeintr\u00e4chtigt, sofern die Entscheidung (1) nicht f\u00fcr den Abschluss oder die Erf\u00fcllung eines Vertrags zwischen der betroffenen Person und dem Verantwortlichen erforderlich ist, oder (2) aufgrund von Rechtsvorschriften der Union oder der Mitgliedstaaten, denen der Verantwortliche unterliegt, zul\u00e4ssig ist und diese Rechtsvorschriften angemessene Ma\u00dfnahmen zur Wahrung der Rechte und Freiheiten sowie der berechtigten Interessen der betroffenen Person enthalten oder (3) mit ausdr\u00fccklicher Einwilligung der betroffenen Person erfolgt.<\/p>\n<p>Ist die Entscheidung (1) f\u00fcr den Abschluss oder die Erf\u00fcllung eines Vertrags zwischen der betroffenen Person und dem Verantwortlichen erforderlich oder (2) erfolgt sie mit ausdr\u00fccklicher Einwilligung der betroffenen Person, trifft die Wachenheim Unternehmens- u. Personalberatung GmbH angemessene Ma\u00dfnahmen, um die Rechte und Freiheiten sowie die berechtigten Interessen der betroffenen Person zu wahren, wozu mindestens das Recht auf Erwirkung des Eingreifens einer Person seitens des Verantwortlichen, auf Darlegung des eigenen Standpunkts und auf Anfechtung der Entscheidung geh\u00f6rt.<\/p>\n<p>M\u00f6chte die betroffene Person Rechte mit Bezug auf automatisierte Entscheidungen geltend machen, kann sie sich hierzu jederzeit an einen Mitarbeiter des f\u00fcr die Verarbeitung Verantwortlichen wenden.<\/li>\n<li>\n<h5>i)\u00a0\u00a0\u00a0\u00a0\u00a0 Recht auf Widerruf einer datenschutzrechtlichen Einwilligung<\/h5>\n<p>Jede von der Verarbeitung personenbezogener Daten betroffene Person hat das vom Europ\u00e4ischen Richtlinien- und Verordnungsgeber gew\u00e4hrte Recht, eine Einwilligung zur Verarbeitung personenbezogener Daten jederzeit zu widerrufen.<\/p>\n<p>M\u00f6chte die betroffene Person ihr Recht auf Widerruf einer Einwilligung geltend machen, kann sie sich hierzu jederzeit an einen Mitarbeiter des f\u00fcr die Verarbeitung Verantwortlichen wenden.<\/li>\n<\/ul>\n<h5>6. Datenschutz bei Bewerbungen und im Bewerbungsverfahren<\/h5>\n<p>Der f\u00fcr die Verarbeitung Verantwortliche erhebt und verarbeitet die personenbezogenen Daten von Bewerbern zum Zwecke der Abwicklung des Bewerbungsverfahrens. Die Verarbeitung kann auch auf elektronischem Wege erfolgen. Dies ist insbesondere dann der Fall, wenn ein Bewerber entsprechende Bewerbungsunterlagen auf dem elektronischen Wege, beispielsweise per E-Mail oder \u00fcber ein auf der Internetseite befindliches Webformular, an den f\u00fcr die Verarbeitung Verantwortlichen \u00fcbermittelt. Schlie\u00dft der f\u00fcr die Verarbeitung Verantwortliche einen Anstellungsvertrag mit einem Bewerber, werden die \u00fcbermittelten Daten zum Zwecke der Abwicklung des Besch\u00e4ftigungsverh\u00e4ltnisses unter Beachtung der gesetzlichen Vorschriften gespeichert. Wird von dem f\u00fcr die Verarbeitung Verantwortlichen kein Anstellungsvertrag mit dem Bewerber geschlossen, so werden die Bewerbungsunterlagen zwei Monate nach Bekanntgabe der Absageentscheidung automatisch gel\u00f6scht, sofern einer L\u00f6schung keine sonstigen berechtigten Interessen des f\u00fcr die Verarbeitung Verantwortlichen entgegenstehen. Sonstiges berechtigtes Interesse in diesem Sinne ist beispielsweise eine Beweispflicht in einem Verfahren nach dem Allgemeinen Gleichbehandlungsgesetz (AGG).<\/p>\n<h5>7. Rechtsgrundlage der Verarbeitung<\/h5>\n<p>Art. 6 I lit. a DS-GVO dient unserem Unternehmen als Rechtsgrundlage f\u00fcr Verarbeitungsvorg\u00e4nge, bei denen wir eine Einwilligung f\u00fcr einen bestimmten Verarbeitungszweck einholen. Ist die Verarbeitung personenbezogener Daten zur Erf\u00fcllung eines Vertrags, dessen Vertragspartei die betroffene Person ist, erforderlich, wie dies beispielsweise bei Verarbeitungsvorg\u00e4ngen der Fall ist, die f\u00fcr eine Lieferung von Waren oder die Erbringung einer sonstigen Leistung oder Gegenleistung notwendig sind, so beruht die Verarbeitung auf Art. 6 I lit. b DS-GVO. Gleiches gilt f\u00fcr solche Verarbeitungsvorg\u00e4nge die zur Durchf\u00fchrung vorvertraglicher Ma\u00dfnahmen erforderlich sind, etwa in F\u00e4llen von Anfragen zur unseren Produkten oder Leistungen. Unterliegt unser Unternehmen einer rechtlichen Verpflichtung durch welche eine Verarbeitung von personenbezogenen Daten erforderlich wird, wie beispielsweise zur Erf\u00fcllung steuerlicher Pflichten, so basiert die Verarbeitung auf Art. 6 I lit. c DS-GVO. In seltenen F\u00e4llen k\u00f6nnte die Verarbeitung von personenbezogenen Daten erforderlich werden, um lebenswichtige Interessen der betroffenen Person oder einer anderen nat\u00fcrlichen Person zu sch\u00fctzen. Dies w\u00e4re beispielsweise der Fall, wenn ein Besucher in unserem Betrieb verletzt werden w\u00fcrde und daraufhin sein Name, sein Alter, seine Krankenkassendaten oder sonstige lebenswichtige Informationen an einen Arzt, ein Krankenhaus oder sonstige Dritte weitergegeben werden m\u00fcssten. Dann w\u00fcrde die Verarbeitung auf Art. 6 I lit. d DS-GVO beruhen. Letztlich k\u00f6nnten Verarbeitungsvorg\u00e4nge auf Art. 6 I lit. f DS-GVO beruhen. Auf dieser Rechtsgrundlage basieren Verarbeitungsvorg\u00e4nge, die von keiner der vorgenannten Rechtsgrundlagen erfasst werden, wenn die Verarbeitung zur Wahrung eines berechtigten Interesses unseres Unternehmens oder eines Dritten erforderlich ist, sofern die Interessen, Grundrechte und Grundfreiheiten des Betroffenen nicht \u00fcberwiegen. Solche Verarbeitungsvorg\u00e4nge sind uns insbesondere deshalb gestattet, weil sie durch den Europ\u00e4ischen Gesetzgeber besonders erw\u00e4hnt wurden. Er vertrat insoweit die Auffassung, dass ein berechtigtes Interesse anzunehmen sein k\u00f6nnte, wenn die betroffene Person ein Kunde des Verantwortlichen ist (Erw\u00e4gungsgrund 47 Satz 2 DS-GVO).<\/p>\n<h5>8. Berechtigte Interessen an der Verarbeitung, die von dem Verantwortlichen oder einem Dritten verfolgt werden<\/h5>\n<p>Basiert die Verarbeitung personenbezogener Daten auf Artikel 6 I lit. f DS-GVO ist unser berechtigtes Interesse die Durchf\u00fchrung unserer Gesch\u00e4ftst\u00e4tigkeit zugunsten des Wohlergehens all unserer Mitarbeiter und unserer Anteilseigner.<\/p>\n<h5>9. Dauer, f\u00fcr die die personenbezogenen Daten gespeichert werden<\/h5>\n<p>Das Kriterium f\u00fcr die Dauer der Speicherung von personenbezogenen Daten ist die jeweilige gesetzliche Aufbewahrungsfrist. Nach Ablauf der Frist werden die entsprechenden Daten routinem\u00e4\u00dfig gel\u00f6scht, sofern sie nicht mehr zur Vertragserf\u00fcllung oder Vertragsanbahnung erforderlich sind.<\/p>\n<h5>10. Gesetzliche oder vertragliche Vorschriften zur Bereitstellung der personenbezogenen Daten; Erforderlichkeit f\u00fcr den Vertragsabschluss; Verpflichtung der betroffenen Person, die personenbezogenen Daten bereitzustellen; m\u00f6gliche Folgen der Nichtbereitstellung<\/h5>\n<p>Wir kl\u00e4ren Sie dar\u00fcber auf, dass die Bereitstellung personenbezogener Daten zum Teil gesetzlich vorgeschrieben ist (z.B. Steuervorschriften) oder sich auch aus vertraglichen Regelungen (z.B. Angaben zum Vertragspartner) ergeben kann. Mitunter kann es zu einem Vertragsschluss erforderlich sein, dass eine betroffene Person uns personenbezogene Daten zur Verf\u00fcgung stellt, die in der Folge durch uns verarbeitet werden m\u00fcssen. Die betroffene Person ist beispielsweise verpflichtet uns personenbezogene Daten bereitzustellen, wenn unser Unternehmen mit ihr einen Vertrag abschlie\u00dft. Eine Nichtbereitstellung der personenbezogenen Daten h\u00e4tte zur Folge, dass der Vertrag mit dem Betroffenen nicht geschlossen werden k\u00f6nnte. Vor einer Bereitstellung personenbezogener Daten durch den Betroffenen muss sich der Betroffene an einen unserer Mitarbeiter wenden. Unser Mitarbeiter kl\u00e4rt den Betroffenen einzelfallbezogen dar\u00fcber auf, ob die Bereitstellung der personenbezogenen Daten gesetzlich oder vertraglich vorgeschrieben oder f\u00fcr den Vertragsabschluss erforderlich ist, ob eine Verpflichtung besteht, die personenbezogenen Daten bereitzustellen, und welche Folgen die Nichtbereitstellung der personenbezogenen Daten h\u00e4tte.<\/p>\n<h5>11. Bestehen einer automatisierten Entscheidungsfindung<\/h5>\n<p>Als verantwortungsbewusstes Unternehmen verzichten wir auf eine automatische Entscheidungsfindung oder ein Profiling.<\/p>\n<h5>12.\u00a0Nutzung und\/oder \u00dcbermittlung genannter Kontaktdaten der Webseite www.wachenheim-beratung.de<\/h5>\n<p>Wir widersprechen ausdr\u00fccklich der Nutzung und\/oder \u00dcbermittlung unserer hier genannten Kontaktdaten f\u00fcr kommerzielle Zwecke oder f\u00fcr die Markt- bzw. Meinungsforschung (\u00a7 28 Abs. 3 BDSG).<\/p>\n","protected":false},"excerpt":{"rendered":"<p>Impressum Inhaber der Webseite F\u00fcr den Inhalt dieser Website verantwortlich im Sinne des \u00a7 6 MDStV: Wachenheim Unternehmens- u. Personalberatung GmbH Rinkenburgerstra\u00dfe 42 79822 Titisee-Neustadt Tel:\u00a0 +49 (0) 76 51 \/ 93 30 13 Fax: +49 (0) 76 51 \/ 93 30 14 E-Mail: kontakt@wachenheim-beratung.de Handelsregister: Amtsgericht Freiburg Registernummer: HRB 711029 Umsatzsteuer-IdNr.: DE293127660 Gesch\u00e4ftsf\u00fchrer: Harry [&hellip;]<\/p>\n","protected":false},"author":6,"featured_media":0,"parent":0,"menu_order":103,"comment_status":"open","ping_status":"closed","template":"","meta":{"footnotes":""},"yoast_head":"<!-- This site is optimized with the Yoast SEO plugin v22.6 - https:\/\/yoast.com\/wordpress\/plugins\/seo\/ -->\n<title>Impressum &#8212; Wachenheim &amp; Partner<\/title>\n<meta name=\"robots\" content=\"index, follow, max-snippet:-1, max-image-preview:large, max-video-preview:-1\" \/>\n<link rel=\"canonical\" href=\"http:\/\/www.wachenheim-beratung.de\/wordpress\/impressum\/\" \/>\n<meta property=\"og:locale\" content=\"de_DE\" \/>\n<meta property=\"og:type\" content=\"article\" \/>\n<meta property=\"og:title\" content=\"Impressum &#8212; Wachenheim &amp; Partner\" \/>\n<meta property=\"og:description\" content=\"Impressum Inhaber der Webseite F\u00fcr den Inhalt dieser Website verantwortlich im Sinne des \u00a7 6 MDStV: Wachenheim Unternehmens- u. Personalberatung GmbH Rinkenburgerstra\u00dfe 42 79822 Titisee-Neustadt Tel:\u00a0 +49 (0) 76 51 \/ 93 30 13 Fax: +49 (0) 76 51 \/ 93 30 14 E-Mail: kontakt@wachenheim-beratung.de Handelsregister: Amtsgericht Freiburg Registernummer: HRB 711029 Umsatzsteuer-IdNr.: DE293127660 Gesch\u00e4ftsf\u00fchrer: Harry [&hellip;]\" \/>\n<meta property=\"og:url\" content=\"http:\/\/www.wachenheim-beratung.de\/wordpress\/impressum\/\" \/>\n<meta property=\"og:site_name\" content=\"Wachenheim &amp; Partner\" \/>\n<meta property=\"article:modified_time\" content=\"2020-07-22T20:09:02+00:00\" \/>\n<meta name=\"twitter:label1\" content=\"Gesch\u00e4tzte Lesezeit\" \/>\n\t<meta name=\"twitter:data1\" content=\"43\u00a0Minuten\" \/>\n<script type=\"application\/ld+json\" class=\"yoast-schema-graph\">{\"@context\":\"https:\/\/schema.org\",\"@graph\":[{\"@type\":\"WebPage\",\"@id\":\"http:\/\/www.wachenheim-beratung.de\/wordpress\/impressum\/\",\"url\":\"http:\/\/www.wachenheim-beratung.de\/wordpress\/impressum\/\",\"name\":\"Impressum &#8212; Wachenheim &amp; Partner\",\"isPartOf\":{\"@id\":\"http:\/\/www.wachenheim-beratung.de\/wordpress\/#website\"},\"datePublished\":\"2012-10-31T10:25:09+00:00\",\"dateModified\":\"2020-07-22T20:09:02+00:00\",\"breadcrumb\":{\"@id\":\"http:\/\/www.wachenheim-beratung.de\/wordpress\/impressum\/#breadcrumb\"},\"inLanguage\":\"de\",\"potentialAction\":[{\"@type\":\"ReadAction\",\"target\":[\"http:\/\/www.wachenheim-beratung.de\/wordpress\/impressum\/\"]}]},{\"@type\":\"BreadcrumbList\",\"@id\":\"http:\/\/www.wachenheim-beratung.de\/wordpress\/impressum\/#breadcrumb\",\"itemListElement\":[{\"@type\":\"ListItem\",\"position\":1,\"name\":\"Home\",\"item\":\"http:\/\/www.wachenheim-beratung.de\/wordpress\/\"},{\"@type\":\"ListItem\",\"position\":2,\"name\":\"Impressum\"}]},{\"@type\":\"WebSite\",\"@id\":\"http:\/\/www.wachenheim-beratung.de\/wordpress\/#website\",\"url\":\"http:\/\/www.wachenheim-beratung.de\/wordpress\/\",\"name\":\"Wachenheim &amp; Partner\",\"description\":\"Unternehmens- und Persobalberatung\",\"potentialAction\":[{\"@type\":\"SearchAction\",\"target\":{\"@type\":\"EntryPoint\",\"urlTemplate\":\"http:\/\/www.wachenheim-beratung.de\/wordpress\/?s={search_term_string}\"},\"query-input\":\"required name=search_term_string\"}],\"inLanguage\":\"de\"}]}<\/script>\n<!-- \/ Yoast SEO plugin. -->","yoast_head_json":{"title":"Impressum &#8212; Wachenheim &amp; Partner","robots":{"index":"index","follow":"follow","max-snippet":"max-snippet:-1","max-image-preview":"max-image-preview:large","max-video-preview":"max-video-preview:-1"},"canonical":"http:\/\/www.wachenheim-beratung.de\/wordpress\/impressum\/","og_locale":"de_DE","og_type":"article","og_title":"Impressum &#8212; Wachenheim &amp; Partner","og_description":"Impressum Inhaber der Webseite F\u00fcr den Inhalt dieser Website verantwortlich im Sinne des \u00a7 6 MDStV: Wachenheim Unternehmens- u. Personalberatung GmbH Rinkenburgerstra\u00dfe 42 79822 Titisee-Neustadt Tel:\u00a0 +49 (0) 76 51 \/ 93 30 13 Fax: +49 (0) 76 51 \/ 93 30 14 E-Mail: kontakt@wachenheim-beratung.de Handelsregister: Amtsgericht Freiburg Registernummer: HRB 711029 Umsatzsteuer-IdNr.: DE293127660 Gesch\u00e4ftsf\u00fchrer: Harry [&hellip;]","og_url":"http:\/\/www.wachenheim-beratung.de\/wordpress\/impressum\/","og_site_name":"Wachenheim &amp; Partner","article_modified_time":"2020-07-22T20:09:02+00:00","twitter_misc":{"Gesch\u00e4tzte Lesezeit":"43\u00a0Minuten"},"schema":{"@context":"https:\/\/schema.org","@graph":[{"@type":"WebPage","@id":"http:\/\/www.wachenheim-beratung.de\/wordpress\/impressum\/","url":"http:\/\/www.wachenheim-beratung.de\/wordpress\/impressum\/","name":"Impressum &#8212; Wachenheim &amp; Partner","isPartOf":{"@id":"http:\/\/www.wachenheim-beratung.de\/wordpress\/#website"},"datePublished":"2012-10-31T10:25:09+00:00","dateModified":"2020-07-22T20:09:02+00:00","breadcrumb":{"@id":"http:\/\/www.wachenheim-beratung.de\/wordpress\/impressum\/#breadcrumb"},"inLanguage":"de","potentialAction":[{"@type":"ReadAction","target":["http:\/\/www.wachenheim-beratung.de\/wordpress\/impressum\/"]}]},{"@type":"BreadcrumbList","@id":"http:\/\/www.wachenheim-beratung.de\/wordpress\/impressum\/#breadcrumb","itemListElement":[{"@type":"ListItem","position":1,"name":"Home","item":"http:\/\/www.wachenheim-beratung.de\/wordpress\/"},{"@type":"ListItem","position":2,"name":"Impressum"}]},{"@type":"WebSite","@id":"http:\/\/www.wachenheim-beratung.de\/wordpress\/#website","url":"http:\/\/www.wachenheim-beratung.de\/wordpress\/","name":"Wachenheim &amp; Partner","description":"Unternehmens- und Persobalberatung","potentialAction":[{"@type":"SearchAction","target":{"@type":"EntryPoint","urlTemplate":"http:\/\/www.wachenheim-beratung.de\/wordpress\/?s={search_term_string}"},"query-input":"required name=search_term_string"}],"inLanguage":"de"}]}},"_links":{"self":[{"href":"http:\/\/www.wachenheim-beratung.de\/wordpress\/wp-json\/wp\/v2\/pages\/25"}],"collection":[{"href":"http:\/\/www.wachenheim-beratung.de\/wordpress\/wp-json\/wp\/v2\/pages"}],"about":[{"href":"http:\/\/www.wachenheim-beratung.de\/wordpress\/wp-json\/wp\/v2\/types\/page"}],"author":[{"embeddable":true,"href":"http:\/\/www.wachenheim-beratung.de\/wordpress\/wp-json\/wp\/v2\/users\/6"}],"replies":[{"embeddable":true,"href":"http:\/\/www.wachenheim-beratung.de\/wordpress\/wp-json\/wp\/v2\/comments?post=25"}],"version-history":[{"count":34,"href":"http:\/\/www.wachenheim-beratung.de\/wordpress\/wp-json\/wp\/v2\/pages\/25\/revisions"}],"predecessor-version":[{"id":654,"href":"http:\/\/www.wachenheim-beratung.de\/wordpress\/wp-json\/wp\/v2\/pages\/25\/revisions\/654"}],"wp:attachment":[{"href":"http:\/\/www.wachenheim-beratung.de\/wordpress\/wp-json\/wp\/v2\/media?parent=25"}],"curies":[{"name":"wp","href":"https:\/\/api.w.org\/{rel}","templated":true}]}}